{"id":5456,"date":"2025-08-04T16:39:35","date_gmt":"2025-08-04T16:39:35","guid":{"rendered":"https:\/\/www.switchfleet.com\/?page_id=5456"},"modified":"2025-08-05T08:27:49","modified_gmt":"2025-08-05T08:27:49","slug":"articulo-evolucion-2025","status":"publish","type":"page","link":"https:\/\/www.switchfleet.com\/en\/articulo-evolucion-2025\/","title":{"rendered":"Art\u00edculo Evoluci\u00f3n 2025"},"content":{"rendered":"\t\t<div data-elementor-type=\"wp-page\" data-elementor-id=\"5456\" class=\"elementor elementor-5456\" data-elementor-post-type=\"page\">\n\t\t\t\t\t\t<section class=\"elementor-section elementor-top-section elementor-element elementor-element-fdbedb7 elementor-section-full_width elementor-section-height-default elementor-section-height-default\" data-id=\"fdbedb7\" data-element_type=\"section\" data-e-type=\"section\" data-settings=\"{&quot;background_background&quot;:&quot;classic&quot;}\">\n\t\t\t\t\t\t\t<div class=\"elementor-background-overlay\"><\/div>\n\t\t\t\t\t\t\t<div class=\"elementor-container elementor-column-gap-default\">\n\t\t\t\t\t<div class=\"elementor-column elementor-col-100 elementor-top-column elementor-element elementor-element-7267e62\" data-id=\"7267e62\" data-element_type=\"column\" data-e-type=\"column\">\n\t\t\t<div class=\"elementor-widget-wrap elementor-element-populated\">\n\t\t\t\t\t\t<div class=\"elementor-element elementor-element-1407d639 elementor-widget elementor-widget-heading\" data-id=\"1407d639\" data-element_type=\"widget\" data-e-type=\"widget\" data-widget_type=\"heading.default\">\n\t\t\t\t<div class=\"elementor-widget-container\">\n\t\t\t\t\t<h2 class=\"elementor-heading-title elementor-size-default\">Boom de matriculaciones de veh\u00edculos el\u00e9ctricos en Espa\u00f1a durante 2025\n<\/h2>\t\t\t\t<\/div>\n\t\t\t\t<\/div>\n\t\t\t\t\t<\/div>\n\t\t<\/div>\n\t\t\t\t\t<\/div>\n\t\t<\/section>\n\t\t\t\t<section class=\"elementor-section elementor-top-section elementor-element elementor-element-3dd2a369 elementor-section-content-middle elementor-section-boxed elementor-section-height-default elementor-section-height-default\" data-id=\"3dd2a369\" data-element_type=\"section\" data-e-type=\"section\">\n\t\t\t\t\t\t<div class=\"elementor-container elementor-column-gap-no\">\n\t\t\t\t\t<div class=\"elementor-column elementor-col-100 elementor-top-column elementor-element elementor-element-5a642da4\" data-id=\"5a642da4\" data-element_type=\"column\" data-e-type=\"column\">\n\t\t\t<div class=\"elementor-widget-wrap elementor-element-populated\">\n\t\t\t\t\t\t<div class=\"elementor-element elementor-element-f9fc5e5 elementor-widget elementor-widget-text-editor\" data-id=\"f9fc5e5\" data-element_type=\"widget\" data-e-type=\"widget\" data-widget_type=\"text-editor.default\">\n\t\t\t\t<div class=\"elementor-widget-container\">\n\t\t\t\t\t\t\t\t\t<p data-start=\"74\" data-end=\"1155\">Durante 2025 las matriculaciones de turismos y veh\u00edculos ligeros electrificados en Espa\u00f1a han vivido un aceler\u00f3n sin precedentes. En julio se matricularon m\u00e1s de <strong data-start=\"237\" data-end=\"247\">21.000<\/strong> el\u00e9ctricos puros y PHEV \u2013un 155\u00a0% m\u00e1s que en julio de 2024\u2013 y la cuota mensual de electrificados <a href=\"https:\/\/www.hibridosyelectricos.com\/coches\/en-solo-siete-meses-2025-ya-se-han-vendido-en-espana-mismos-electricos-hibridos-enchufables-en-todo-2024_81549_102.html#:~:text=Espa%C3%B1a%20mantiene%20la%20tendencia%20alcista,ha%20dejado%20otro%20dato%20hist%C3%B3rico\">alcanz\u00f3 el <strong data-start=\"356\" data-end=\"366\">21,4\u00a0%<\/strong> del mercado<\/a>.\u00a0Gracias a estas cifras, el acumulado de enero\u2011julio suma <strong data-start=\"475\" data-end=\"495\">123.315 unidades<\/strong>, lo que supone un crecimiento del <strong data-start=\"530\" data-end=\"538\">93\u00a0%<\/strong> <a href=\"https:\/\/www.hibridosyelectricos.com\/coches\/en-solo-siete-meses-2025-ya-se-han-vendido-en-espana-mismos-electricos-hibridos-enchufables-en-todo-2024_81549_102.html#:~:text=Espa%C3%B1a%20mantiene%20la%20tendencia%20alcista,ha%20dejado%20otro%20dato%20hist%C3%B3rico\">respecto al a\u00f1o anterior<\/a>; en julio ya se hab\u00edan superado todas las matriculaciones de 2024. El tir\u00f3n es generalizado: en junio, las ventas de electrificados subieron un <strong data-start=\"746\" data-end=\"755\">133\u00a0%<\/strong> hasta 27.207 unidades y representaron <a href=\"https:\/\/anfac.com\/los-vehiculos-electrificados-logran-27-207-ventas-en-junio\/#:~:text=Madrid%2C%201%20de%20julio%20de,del%20mercado\"><strong data-start=\"794\" data-end=\"804\">19,3\u00a0%<\/strong> del mercado total,\u00a0<\/a>mientras que los turismos electrificados <a href=\"https:\/\/anfac.com\/los-vehiculos-electrificados-logran-27-207-ventas-en-junio\/#:~:text=En%20cuanto%20al%20mercado%20de,del%20mercado\">superaron el 20 % de cuota<\/a>. \u00a0Incluso en el primer trimestre, con ayudas paralizadas, se matricularon 19.201 el\u00e9ctricos (50 % m\u00e1s que en 2024) y ya<a href=\"https:\/\/onmotor.es\/la-revolucion-de-los-coches-electricos-en-espana-2025\/#:~:text=El%20primer%20trimestre%20de%202025,sostenible%20y%20libre%20de%20emisiones\"> alcanzaban el 7,8 % del mercado<\/a><span class=\"\" data-state=\"closed\"><span class=\"ms-1 inline-flex max-w-full items-center relative top-[-0.094rem] animate-[show_150ms_ease-in]\">.<\/span><\/span><\/p><p data-start=\"1157\" data-end=\"1885\">Las figuras de matriculaciones por canal de SwitchFleet muestran c\u00f3mo este crecimiento se reparte entre particulares (48\u00a0% del total), renting (26,7\u00a0%) y empresas (25,3\u00a0%), con un claro incremento entre enero y junio (de 12.000 a 28.000 unidades) y un ligero descenso en julio. La evoluci\u00f3n hist\u00f3rica desde 2019 muestra un alza constante y un total acumulado de 371.483 electrificados. Madrid destaca como provincia l\u00edder con m\u00e1s de <strong data-start=\"1592\" data-end=\"1602\">60.000<\/strong> matriculaciones (81\u00a0% de crecimiento), seguida de Barcelona, Valencia y Alicante. Sin embargo, el mayor crecimiento porcentual se registra en provincias peque\u00f1as (Cuenca 241,7\u00a0%, Soria 237,5\u00a0%, Cantabria 229,2\u00a0%), mientras que otras como \u00c1vila o Ceuta pr\u00e1cticamente no han crecido.<\/p>\t\t\t\t\t\t\t\t<\/div>\n\t\t\t\t<\/div>\n\t\t\t\t<div class=\"elementor-element elementor-element-186f471 elementor-widget elementor-widget-heading\" data-id=\"186f471\" data-element_type=\"widget\" data-e-type=\"widget\" data-widget_type=\"heading.default\">\n\t\t\t\t<div class=\"elementor-widget-container\">\n\t\t\t\t\t<h2 class=\"elementor-heading-title elementor-size-default\">Marcas y modelos protagonistas\n<\/h2>\t\t\t\t<\/div>\n\t\t\t\t<\/div>\n\t\t\t\t<div class=\"elementor-element elementor-element-53fe9b1 elementor-widget elementor-widget-text-editor\" data-id=\"53fe9b1\" data-element_type=\"widget\" data-e-type=\"widget\" data-widget_type=\"text-editor.default\">\n\t\t\t\t<div class=\"elementor-widget-container\">\n\t\t\t\t\t\t\t\t\t<p data-start=\"1922\" data-end=\"2754\">Los datos de SwitchFleet sit\u00faan a <strong data-start=\"1956\" data-end=\"1966\">Toyota<\/strong>, <strong data-start=\"1968\" data-end=\"1977\">Tesla<\/strong> y <strong data-start=\"1980\" data-end=\"1988\">Ford<\/strong> entre las marcas con m\u00e1s matriculaciones en 2025. El SUV h\u00edbrido enchufable <strong data-start=\"2066\" data-end=\"2092\">Toyota\u00a0C\u2011HR 2.0\u00a0220\u00a0PH<\/strong> lidera con 5.601 unidades y un crecimiento interanual del 8,4\u00a0%. Le siguen el <strong data-start=\"2172\" data-end=\"2189\">Tesla\u00a0Model\u00a03<\/strong> (4.545 unidades; +250\u00a0%), el <strong data-start=\"2219\" data-end=\"2237\">Ford\u00a0Kuga\u00a0PHEV<\/strong> (4.074 unidades; +102\u00a0%) y el <strong data-start=\"2268\" data-end=\"2282\">MG\u00a0HS\u00a0PHEV<\/strong> (3.804 unidades; +455\u00a0%). El <strong data-start=\"2313\" data-end=\"2330\">Tesla\u00a0Model\u00a0Y<\/strong> acumula 3.283 registros (+76\u00a0%) y el reci\u00e9n llegado <strong data-start=\"2383\" data-end=\"2394\">KIA\u00a0EV3<\/strong> ya suma 3.206 unidades (+18\u00a0%). Otros modelos destacados son el <strong data-start=\"2460\" data-end=\"2481\">Toyota\u00a0RAV\u20114\u00a0PHEV<\/strong> (2.757 unidades; +3.448\u00a0%) y el <strong data-start=\"2514\" data-end=\"2534\">Renault\u00a05\u00a0E\u2011Tech<\/strong> (2.700 unidades). La tabla de marcas de SwitchFleet se\u00f1ala que <strong data-start=\"2599\" data-end=\"2606\">BYD<\/strong> domina las matriculaciones de PHEV (5.648 unidades, +88,7\u00a0%) y que <strong data-start=\"2674\" data-end=\"2683\">Tesla<\/strong> mantiene el liderazgo en el\u00e9ctricos puros con 7.869 unidades (+161\u00a0%).<\/p><p data-start=\"2756\" data-end=\"3760\">Estas cifras evidencian que los h\u00edbridos enchufables siguen teniendo un peso muy importante en Espa\u00f1a, con modelos como el Toyota\u00a0C\u2011HR, Ford\u00a0Kuga o MG\u00a0HS que aprovechan su versatilidad y acceso a la etiqueta\u00a0CERO. Sin embargo, el crecimiento m\u00e1s explosivo corresponde a los el\u00e9ctricos puros. El <strong data-start=\"3053\" data-end=\"3071\">Plan MOVES\u00a0III<\/strong>, con ayudas de hasta <strong data-start=\"3093\" data-end=\"3104\">7.000\u00a0\u20ac<\/strong> para el\u00e9ctricos nuevos y <strong data-start=\"3130\" data-end=\"3141\">5.000\u00a0\u20ac<\/strong> para PHEV (con achatarramiento), se prorrog\u00f3 en abril con un presupuesto adicional de<a href=\"https:\/\/www.race.es\/plan-moves#:~:text=Los%20ciudadanos%20esperaban%20con%20impaciencia,en%20el%20Plan%20MOVES%20III\"> 400 millones de euros.<\/a> Estas ayudas \u2013retroactivas para compras a partir del 1\u00a0de enero de 2025\u2013 han reducido la barrera econ\u00f3mica y han acelerado la adopci\u00f3n de modelos como el <strong data-start=\"3443\" data-end=\"3454\">KIA\u00a0EV3<\/strong>, <strong data-start=\"3456\" data-end=\"3471\">BYD\u00a0Dolphin<\/strong>, <strong data-start=\"3473\" data-end=\"3486\">Renault\u00a05<\/strong> o <strong data-start=\"3489\" data-end=\"3505\">Citro\u00ebn\u00a0\u00eb\u2011C3<\/strong>, que se sit\u00faan entre 25.000 y 35.000 \u20ac<a href=\"https:\/\/onmotor.es\/la-revolucion-de-los-coches-electricos-en-espana-2025\/#:~:text=para%20la%20adopci%C3%B3n%20masiva%20del,reducir%20este%20diferencial%20de%20precio\"> antes de descuentos<\/a>.\u00a0Incluso el econ\u00f3mico <strong data-start=\"3625\" data-end=\"3641\">Dacia\u00a0Spring<\/strong>, con un precio de entrada inferior a 15.000 \u20ac con ayudas, ha encontrado su <a href=\"https:\/\/onmotor.es\/la-revolucion-de-los-coches-electricos-en-espana-2025\/#:~:text=para%20la%20adopci%C3%B3n%20masiva%20del,reducir%20este%20diferencial%20de%20precio.\">nicho<\/a><\/p><p data-start=\"3763\" data-end=\"3839\">\u00a0<\/p>\t\t\t\t\t\t\t\t<\/div>\n\t\t\t\t<\/div>\n\t\t\t\t<div class=\"elementor-element elementor-element-0bdb721 elementor-widget elementor-widget-image\" data-id=\"0bdb721\" data-element_type=\"widget\" data-e-type=\"widget\" data-widget_type=\"image.default\">\n\t\t\t\t<div class=\"elementor-widget-container\">\n\t\t\t\t\t\t\t\t\t\t\t\t\t\t\t<img fetchpriority=\"high\" decoding=\"async\" width=\"1024\" height=\"568\" src=\"https:\/\/www.switchfleet.com\/comp\/uploads\/Canales-1024x568.png\" class=\"attachment-large size-large wp-image-5468\" alt=\"Gr\u00e1fico de \u00e1reas que muestra la evoluci\u00f3n mensual de matriculaciones 2025 por canal: particulares, renting y empresas, con datos BEV y PHEV.\" srcset=\"https:\/\/www.switchfleet.com\/comp\/uploads\/Canales-1024x568.png 1024w, https:\/\/www.switchfleet.com\/comp\/uploads\/Canales-300x166.png 300w, https:\/\/www.switchfleet.com\/comp\/uploads\/Canales-768x426.png 768w, https:\/\/www.switchfleet.com\/comp\/uploads\/Canales.png 1318w\" sizes=\"(max-width: 1024px) 100vw, 1024px\" \/>\t\t\t\t\t\t\t\t\t\t\t\t\t\t\t<\/div>\n\t\t\t\t<\/div>\n\t\t\t\t<div class=\"elementor-element elementor-element-f35ef84 elementor-widget elementor-widget-text-editor\" data-id=\"f35ef84\" data-element_type=\"widget\" data-e-type=\"widget\" data-widget_type=\"text-editor.default\">\n\t\t\t\t<div class=\"elementor-widget-container\">\n\t\t\t\t\t\t\t\t\t<p data-start=\"3842\" data-end=\"4027\"><em data-start=\"3842\" data-end=\"4027\">Gr\u00e1fico de SwitchFleet con la distribuci\u00f3n por canales y evoluci\u00f3n mensual. El \u00e1rea verde corresponde a el\u00e9ctricos puros (BEV), el gris a PHEV y el amarillo a h\u00edbridos no enchufables.<\/em><\/p><p data-start=\"3763\" data-end=\"3839\">\u00a0<\/p>\t\t\t\t\t\t\t\t<\/div>\n\t\t\t\t<\/div>\n\t\t\t\t<div class=\"elementor-element elementor-element-0a576a2 elementor-widget elementor-widget-heading\" data-id=\"0a576a2\" data-element_type=\"widget\" data-e-type=\"widget\" data-widget_type=\"heading.default\">\n\t\t\t\t<div class=\"elementor-widget-container\">\n\t\t\t\t\t<h2 class=\"elementor-heading-title elementor-size-default\">Factores que impulsan el boom\n<\/h2>\t\t\t\t<\/div>\n\t\t\t\t<\/div>\n\t\t\t\t<div class=\"elementor-element elementor-element-33df838 elementor-widget elementor-widget-text-editor\" data-id=\"33df838\" data-element_type=\"widget\" data-e-type=\"widget\" data-widget_type=\"text-editor.default\">\n\t\t\t\t<div class=\"elementor-widget-container\">\n\t\t\t\t\t\t\t\t\t<ul><li data-start=\"4063\" data-end=\"4641\"><p data-start=\"4066\" data-end=\"4641\"><strong data-start=\"4066\" data-end=\"4107\">Mayores ayudas e incentivos p\u00fablicos.<\/strong> La prolongaci\u00f3n del Plan\u00a0MOVES\u00a0III hasta finales de 2025 incluye subvenciones de hasta <strong data-start=\"4196\" data-end=\"4207\">7.000\u00a0\u20ac<\/strong> para el\u00e9ctricos y <strong data-start=\"4226\" data-end=\"4237\">5.000\u00a0\u20ac<\/strong> para PHEV, <a href=\"https:\/\/www.race.es\/plan-moves#:~:text=Los%20ciudadanos%20esperaban%20con%20impaciencia,en%20el%20Plan%20MOVES%20III\">adem\u00e1s de ayudas para puntos de recarga<\/a>. En abril, el Plan Reinicia Auto+ incentiv\u00f3 la renovaci\u00f3n de veh\u00edculos en zonas afectadas por la <a href=\"https:\/\/www.teamcarengine.com\/matriculaciones-abril-2025-crecimiento-sostenido-y-auge-de-los-electrificados\/#:~:text=El%20mercado%20de%20coches%20nuevos,frente%20a%20las%20cifras%20prepandemia\">DANA y complement\u00f3 al MOVES<\/a>.\u00a0Estas ayudas se suman a la deducci\u00f3n fiscal del 15\u00a0% para la compra de un veh\u00edculo el\u00e9ctrico y al impuesto de circulaci\u00f3n reducido en muchas ciudades.<\/p><\/li><li data-start=\"4643\" data-end=\"5028\"><p data-start=\"4646\" data-end=\"5028\"><strong data-start=\"4646\" data-end=\"4714\">Restricciones medioambientales y Zonas de Bajas Emisiones (ZBE).<\/strong> La creaci\u00f3n de ZBE en grandes ciudades est\u00e1 empujando a conductores y flotas a optar <a href=\"https:\/\/www.carblue.es\/blog\/post\/crecimiento-ventas-electricos-hibridos-espana\/#:~:text=,por%20veh%C3%ADculos%20con%20etiqueta%20ECO\">por veh\u00edculos con etiqueta ECO<\/a>. Esta presi\u00f3n regulatoria, combinada con los altos precios del combustible, acelera la sustituci\u00f3n de motores de combusti\u00f3n por alternativas electrificadas.<\/p><\/li><li data-start=\"5030\" data-end=\"5631\"><p data-start=\"5033\" data-end=\"5631\"><strong data-start=\"5033\" data-end=\"5072\">M\u00e1s modelos y precios competitivos.<\/strong> El mercado espa\u00f1ol ofrece cada vez m\u00e1s opciones, desde urbanos asequibles hasta SUV premium. Nuevos modelos como <strong data-start=\"5188\" data-end=\"5199\">KIA\u00a0EV3<\/strong>, <strong data-start=\"5201\" data-end=\"5216\">BYD\u00a0Dolphin<\/strong> y <strong data-start=\"5219\" data-end=\"5232\">Renault\u00a05<\/strong> <a href=\"https:\/\/onmotor.es\/la-revolucion-de-los-coches-electricos-en-espana-2025\/#:~:text=El%20segmento%20medio%2C%20donde%20se,acogida%20entre%20los%20compradores%20particulares\">han dinamizado el segmento medio (25.000\u201135.000 \u20ac),\u00a0<\/a>mientras que marcas chinas como <a href=\"https:\/\/onmotor.es\/la-revolucion-de-los-coches-electricos-en-espana-2025\/#:~:text=La%20guerra%20de%20precios%20iniciada,para%20la%20rentabilidad%20de%20algunos\"><strong data-start=\"5356\" data-end=\"5363\">BYD<\/strong> presionan los precios a la baja<\/a><span class=\"\" data-state=\"closed\"><span class=\"ms-1 inline-flex max-w-full items-center relative top-[-0.094rem] animate-[show_150ms_ease-in]\">.<\/span><\/span>\u00a0La bajada de precios ha trasladado parte de la demanda al mercado de ocasi\u00f3n, donde las ventas de el\u00e9ctricos de <a href=\"https:\/\/www.carblue.es\/blog\/post\/crecimiento-ventas-electricos-hibridos-espana\/#:~:text=La%20clave%20de%20este%20auge,el%C3%A9ctrico%20resulta%20cada%20vez%20m%C3%A1s\">segunda mano crecieron un <strong data-start=\"5575\" data-end=\"5583\">53\u00a0%<\/strong> en 2025<\/a>. <strong data-start=\"5636\" data-end=\"5676\">Autonom\u00edas y prestaciones mejoradas.<\/strong> Las bater\u00edas de nueva generaci\u00f3n ofrecen autonom\u00edas reales de 350\u2011500\u00a0km y potencias de carga superiores. El art\u00edculo de OnMotor destaca que modelos como el <strong data-start=\"5836\" data-end=\"5853\">Tesla\u00a0Model\u00a03<\/strong>, <strong data-start=\"5855\" data-end=\"5866\">KIA\u00a0EV3<\/strong> o <strong data-start=\"5869\" data-end=\"5881\">BYD\u00a0Seal<\/strong> triunfan por su <a href=\"https:\/\/onmotor.es\/la-revolucion-de-los-coches-electricos-en-espana-2025\/#:~:text=La%20gran%20sorpresa%20de%20este,teniendo%20entre%20el%20p%C3%BAblico%20espa%C3%B1ol\">equilibrio entre autonom\u00eda, tecnolog\u00eda y precio<\/a>. Al mismo tiempo, la red de recarga p\u00fablica se ampl\u00eda y planes como MOVES financian hasta el 70\u00a0% del coste d<a href=\"https:\/\/www.race.es\/plan-moves#:~:text=han%20asignado%20unos%20nuevos%20presupuestos,hidr%C3%B3geno%20la%20ayuda%20es%20de\">e instalar cargadores dom\u00e9stico<\/a>s.<\/p><\/li><li data-start=\"6169\" data-end=\"6750\"><p data-start=\"6172\" data-end=\"6750\"><strong data-start=\"6172\" data-end=\"6213\">Crecimiento del renting y las flotas.<\/strong> El renting el\u00e9ctrico de empresas registr\u00f3 un aumento del <strong data-start=\"6272\" data-end=\"6283\">44,85\u00a0%<\/strong> en el primer semestre y alcanz\u00f3 <a href=\"https:\/\/fleetpeople.es\/el-renting-electrico-crece-un-45-en-el-primer-semestre-y-alcanza-una-cuota-del-54-en-espana\/#:~:text=Las%20matriculaciones%20de%20veh%C3%ADculos%20el%C3%A9ctricos,MSI%20obtenidas%20por%20Fleet%20People\"><strong data-start=\"6316\" data-end=\"6325\">6.989<\/strong> matriculaciones, representando el <strong data-start=\"6360\" data-end=\"6370\">5,38\u00a0%<\/strong> del mercado de renting<\/a>. El canal de renting suma ya m\u00e1s de un cuarto de las matriculaciones totales y se beneficia de ventajas fiscales y operativas. Programas de electrificaci\u00f3n de grandes flotas p\u00fablicas y privadas, como los taxis en Madrid y Barcelona, tambi\u00e9n explican el \u00e9xito de modelos como el <strong data-start=\"6713\" data-end=\"6728\">Toyota\u00a0bZ4X<\/strong> homologado como taxi.<\/p><\/li><li data-start=\"6752\" data-end=\"7374\"><p data-start=\"6755\" data-end=\"7374\"><strong data-start=\"6755\" data-end=\"6800\">Cambio de mentalidad de los consumidores.<\/strong> En el primer trimestre de 2025, el<a href=\"https:\/\/onmotor.es\/la-revolucion-de-los-coches-electricos-en-espana-2025\/#:~:text=Particularmente%20significativo%20es%20el%20inter%C3%A9s,est%C3%A1n%20siendo\"> 50 % de las compras de el\u00e9ctricos las realizaron particulares<\/a>, rompiendo la tendencia de a\u00f1os anteriores dominada por empresas. Este cambio refleja una mayor confianza en la tecnolog\u00eda el\u00e9ctrica y <a href=\"https:\/\/onmotor.es\/la-revolucion-de-los-coches-electricos-en-espana-2025\/#:~:text=Un%20fen%C3%B3meno%20interesante%20es%20la,puramente%20econ%C3%B3mico%2C%20no%20solo%20medioambiental\">la percepci\u00f3n de que el ahorro en combustible, mantenimiento y ventajas fiscales compensa el precio inicial<\/a>. La guerra de precios iniciada por Tesla y extendida por los fabricantes chinos ha contribuido a esta percepci\u00f3n<\/p><\/li><\/ul>\t\t\t\t\t\t\t\t<\/div>\n\t\t\t\t<\/div>\n\t\t\t\t<div class=\"elementor-element elementor-element-c7ddf5e elementor-widget elementor-widget-heading\" data-id=\"c7ddf5e\" data-element_type=\"widget\" data-e-type=\"widget\" data-widget_type=\"heading.default\">\n\t\t\t\t<div class=\"elementor-widget-container\">\n\t\t\t\t\t<h2 class=\"elementor-heading-title elementor-size-default\">Situaci\u00f3n territorial: protagonismo de Madrid y divergencias regionales\n<\/h2>\t\t\t\t<\/div>\n\t\t\t\t<\/div>\n\t\t\t\t<section class=\"elementor-section elementor-inner-section elementor-element elementor-element-cf71f43 elementor-section-boxed elementor-section-height-default elementor-section-height-default\" data-id=\"cf71f43\" data-element_type=\"section\" data-e-type=\"section\" data-settings=\"{&quot;background_background&quot;:&quot;classic&quot;}\">\n\t\t\t\t\t\t<div class=\"elementor-container elementor-column-gap-default\">\n\t\t\t\t\t<div class=\"elementor-column elementor-col-50 elementor-inner-column elementor-element elementor-element-5dbee5f\" data-id=\"5dbee5f\" data-element_type=\"column\" data-e-type=\"column\">\n\t\t\t<div class=\"elementor-widget-wrap elementor-element-populated\">\n\t\t\t\t\t\t<div class=\"elementor-element elementor-element-ec0a870 elementor-widget elementor-widget-text-editor\" data-id=\"ec0a870\" data-element_type=\"widget\" data-e-type=\"widget\" data-widget_type=\"text-editor.default\">\n\t\t\t\t<div class=\"elementor-widget-container\">\n\t\t\t\t\t\t\t\t\t<p data-start=\"7452\" data-end=\"7956\">Las visualizaciones de SwitchFleet muestran un mapa interactivo con el reparto provincial de matriculaciones. <strong data-start=\"7563\" data-end=\"7573\">Madrid<\/strong> es la provincia dominante con <strong data-start=\"7604\" data-end=\"7614\">60.573<\/strong> registros, seguida por <strong data-start=\"7638\" data-end=\"7651\">Barcelona<\/strong> (14.513), <strong data-start=\"7662\" data-end=\"7674\">Valencia<\/strong> (9.707) y <strong data-start=\"7685\" data-end=\"7697\">Alicante<\/strong> (4.564). En el extremo opuesto, <strong data-start=\"7731\" data-end=\"7741\">Cuenca<\/strong>, <strong data-start=\"7743\" data-end=\"7752\">Soria<\/strong>, <strong data-start=\"7754\" data-end=\"7767\">Cantabria<\/strong> y <strong data-start=\"7770\" data-end=\"7780\">Huesca<\/strong> presentan los mayores crecimientos relativos, con aumentos superiores al 220\u00a0%, mientras que <strong data-start=\"7874\" data-end=\"7883\">Ceuta<\/strong>, <strong data-start=\"7885\" data-end=\"7894\">\u00c1vila<\/strong> y <strong data-start=\"7897\" data-end=\"7907\">Teruel<\/strong> registran crecimientos m\u00ednimos o incluso ca\u00eddas.<\/p>\t\t\t\t\t\t\t\t<\/div>\n\t\t\t\t<\/div>\n\t\t\t\t\t<\/div>\n\t\t<\/div>\n\t\t\t\t<div class=\"elementor-column elementor-col-50 elementor-inner-column elementor-element elementor-element-8e6e027\" data-id=\"8e6e027\" data-element_type=\"column\" data-e-type=\"column\">\n\t\t\t<div class=\"elementor-widget-wrap elementor-element-populated\">\n\t\t\t\t\t\t<div class=\"elementor-element elementor-element-840aa12 elementor-widget elementor-widget-image\" data-id=\"840aa12\" data-element_type=\"widget\" data-e-type=\"widget\" data-widget_type=\"image.default\">\n\t\t\t\t<div class=\"elementor-widget-container\">\n\t\t\t\t\t\t\t\t\t\t\t\t\t\t\t<img decoding=\"async\" width=\"1024\" height=\"595\" data-src=\"https:\/\/www.switchfleet.com\/comp\/uploads\/Mapa-e1754378994846-1024x595.png\" class=\"attachment-large size-large wp-image-5463 lazyload\" alt=\"Mapa de Espa\u00f1a con burbujas de tama\u00f1o variable que representan matriculaciones de veh\u00edculos el\u00e9ctricos y PHEV por provincia en 2025.\" data-srcset=\"https:\/\/www.switchfleet.com\/comp\/uploads\/Mapa-e1754378994846-1024x595.png 1024w, https:\/\/www.switchfleet.com\/comp\/uploads\/Mapa-e1754378994846-300x174.png 300w, https:\/\/www.switchfleet.com\/comp\/uploads\/Mapa-e1754378994846-768x446.png 768w, https:\/\/www.switchfleet.com\/comp\/uploads\/Mapa-e1754378994846.png 1063w\" data-sizes=\"(max-width: 1024px) 100vw, 1024px\" src=\"data:image\/svg+xml;base64,PHN2ZyB3aWR0aD0iMSIgaGVpZ2h0PSIxIiB4bWxucz0iaHR0cDovL3d3dy53My5vcmcvMjAwMC9zdmciPjwvc3ZnPg==\" style=\"--smush-placeholder-width: 1024px; --smush-placeholder-aspect-ratio: 1024\/595;\" \/>\t\t\t\t\t\t\t\t\t\t\t\t\t\t\t<\/div>\n\t\t\t\t<\/div>\n\t\t\t\t\t<\/div>\n\t\t<\/div>\n\t\t\t\t\t<\/div>\n\t\t<\/section>\n\t\t\t\t<section class=\"elementor-section elementor-inner-section elementor-element elementor-element-711189e elementor-section-boxed elementor-section-height-default elementor-section-height-default\" data-id=\"711189e\" data-element_type=\"section\" data-e-type=\"section\" data-settings=\"{&quot;background_background&quot;:&quot;classic&quot;}\">\n\t\t\t\t\t\t<div class=\"elementor-container elementor-column-gap-default\">\n\t\t\t\t\t<div class=\"elementor-column elementor-col-50 elementor-inner-column elementor-element elementor-element-a7fe014\" data-id=\"a7fe014\" data-element_type=\"column\" data-e-type=\"column\">\n\t\t\t<div class=\"elementor-widget-wrap elementor-element-populated\">\n\t\t\t\t\t\t<div class=\"elementor-element elementor-element-5c027e3 elementor-widget elementor-widget-heading\" data-id=\"5c027e3\" data-element_type=\"widget\" data-e-type=\"widget\" data-widget_type=\"heading.default\">\n\t\t\t\t<div class=\"elementor-widget-container\">\n\t\t\t\t\t<h2 class=\"elementor-heading-title elementor-size-default\">Provincias con m\u00e1s crecimiento en 2025<\/h2>\t\t\t\t<\/div>\n\t\t\t\t<\/div>\n\t\t\t\t<div class=\"elementor-element elementor-element-0ee2877 elementor-widget elementor-widget-image\" data-id=\"0ee2877\" data-element_type=\"widget\" data-e-type=\"widget\" data-widget_type=\"image.default\">\n\t\t\t\t<div class=\"elementor-widget-container\">\n\t\t\t\t\t\t\t\t\t\t\t\t\t\t\t<img decoding=\"async\" width=\"581\" height=\"580\" data-src=\"https:\/\/www.switchfleet.com\/comp\/uploads\/Provincias-con-mas-crecimiento.png\" class=\"attachment-large size-large wp-image-5464 lazyload\" alt=\"Barra horizontal que lista las provincias espa\u00f1olas con mayor crecimiento porcentual de matriculaciones de el\u00e9ctricos en 2025.\" data-srcset=\"https:\/\/www.switchfleet.com\/comp\/uploads\/Provincias-con-mas-crecimiento.png 581w, https:\/\/www.switchfleet.com\/comp\/uploads\/Provincias-con-mas-crecimiento-300x300.png 300w, https:\/\/www.switchfleet.com\/comp\/uploads\/Provincias-con-mas-crecimiento-150x150.png 150w\" data-sizes=\"(max-width: 581px) 100vw, 581px\" src=\"data:image\/svg+xml;base64,PHN2ZyB3aWR0aD0iMSIgaGVpZ2h0PSIxIiB4bWxucz0iaHR0cDovL3d3dy53My5vcmcvMjAwMC9zdmciPjwvc3ZnPg==\" style=\"--smush-placeholder-width: 581px; --smush-placeholder-aspect-ratio: 581\/580;\" \/>\t\t\t\t\t\t\t\t\t\t\t\t\t\t\t<\/div>\n\t\t\t\t<\/div>\n\t\t\t\t\t<\/div>\n\t\t<\/div>\n\t\t\t\t<div class=\"elementor-column elementor-col-50 elementor-inner-column elementor-element elementor-element-d0d563e\" data-id=\"d0d563e\" data-element_type=\"column\" data-e-type=\"column\">\n\t\t\t<div class=\"elementor-widget-wrap elementor-element-populated\">\n\t\t\t\t\t\t<div class=\"elementor-element elementor-element-299f60f elementor-widget elementor-widget-heading\" data-id=\"299f60f\" data-element_type=\"widget\" data-e-type=\"widget\" data-widget_type=\"heading.default\">\n\t\t\t\t<div class=\"elementor-widget-container\">\n\t\t\t\t\t<h2 class=\"elementor-heading-title elementor-size-default\">Provincias con menos crecimiento en 2025<\/h2>\t\t\t\t<\/div>\n\t\t\t\t<\/div>\n\t\t\t\t<div class=\"elementor-element elementor-element-5c4db58 elementor-widget elementor-widget-image\" data-id=\"5c4db58\" data-element_type=\"widget\" data-e-type=\"widget\" data-widget_type=\"image.default\">\n\t\t\t\t<div class=\"elementor-widget-container\">\n\t\t\t\t\t\t\t\t\t\t\t\t\t\t\t<img decoding=\"async\" width=\"572\" height=\"570\" data-src=\"https:\/\/www.switchfleet.com\/comp\/uploads\/Provincias-con-menos-crecimiento.png\" class=\"attachment-large size-large wp-image-5465 lazyload\" alt=\"Barra horizontal que muestra provincias con menor crecimiento de matriculaciones o incluso descenso en 2025.\" data-srcset=\"https:\/\/www.switchfleet.com\/comp\/uploads\/Provincias-con-menos-crecimiento.png 572w, https:\/\/www.switchfleet.com\/comp\/uploads\/Provincias-con-menos-crecimiento-300x300.png 300w, https:\/\/www.switchfleet.com\/comp\/uploads\/Provincias-con-menos-crecimiento-150x150.png 150w\" data-sizes=\"(max-width: 572px) 100vw, 572px\" src=\"data:image\/svg+xml;base64,PHN2ZyB3aWR0aD0iMSIgaGVpZ2h0PSIxIiB4bWxucz0iaHR0cDovL3d3dy53My5vcmcvMjAwMC9zdmciPjwvc3ZnPg==\" style=\"--smush-placeholder-width: 572px; --smush-placeholder-aspect-ratio: 572\/570;\" \/>\t\t\t\t\t\t\t\t\t\t\t\t\t\t\t<\/div>\n\t\t\t\t<\/div>\n\t\t\t\t\t<\/div>\n\t\t<\/div>\n\t\t\t\t\t<\/div>\n\t\t<\/section>\n\t\t\t\t<div class=\"elementor-element elementor-element-04cf1ee elementor-widget elementor-widget-text-editor\" data-id=\"04cf1ee\" data-element_type=\"widget\" data-e-type=\"widget\" data-widget_type=\"text-editor.default\">\n\t\t\t\t<div class=\"elementor-widget-container\">\n\t\t\t\t\t\t\t\t\t<p data-start=\"8194\" data-end=\"8632\">Estas disparidades reflejan distintos niveles de renta, infraestructuras de recarga y pol\u00edticas auton\u00f3micas. Madrid, Catalu\u00f1a y la Comunidad Valenciana concentran la mayor parte de la red de puntos de recarga y cuentan con incentivos adicionales (rebajas en el impuesto de circulaci\u00f3n y aparcamiento gratuito). En contraste, provincias con poca infraestructura o con pol\u00edticas de movilidad menos ambiciosas avanzan a un ritmo m\u00e1s lento.<\/p><h2 data-start=\"8634\" data-end=\"8689\">\u00a0<\/h2>\t\t\t\t\t\t\t\t<\/div>\n\t\t\t\t<\/div>\n\t\t\t\t<div class=\"elementor-element elementor-element-bce55b8 elementor-widget elementor-widget-heading\" data-id=\"bce55b8\" data-element_type=\"widget\" data-e-type=\"widget\" data-widget_type=\"heading.default\">\n\t\t\t\t<div class=\"elementor-widget-container\">\n\t\t\t\t\t<h2 class=\"elementor-heading-title elementor-size-default\">Factores que impulsan el boom\n<\/h2>\t\t\t\t<\/div>\n\t\t\t\t<\/div>\n\t\t\t\t<div class=\"elementor-element elementor-element-949c5e8 elementor-widget elementor-widget-text-editor\" data-id=\"949c5e8\" data-element_type=\"widget\" data-e-type=\"widget\" data-widget_type=\"text-editor.default\">\n\t\t\t\t<div class=\"elementor-widget-container\">\n\t\t\t\t\t\t\t\t\t<p data-start=\"8691\" data-end=\"9267\">Aunque el crecimiento de 2025 es extraordinario, Espa\u00f1a sigue por debajo de la media europea de electrificados (24 %). <a href=\"https:\/\/anfac.com\/los-vehiculos-electrificados-logran-27-207-ventas-en-junio\/#:~:text=Jos%C3%A9%20L%C3%B3pez,que%20favorable%20para%20la%20electrificaci%C3%B3n%E2%80%9D\">ANFAC<\/a> advierte de la necesidad de <strong data-start=\"8884\" data-end=\"8933\">acelerar el despliegue de cargadores p\u00fablicos<\/strong>, <strong data-start=\"8935\" data-end=\"8977\">simplificar los tr\u00e1mites de las ayudas<\/strong> y <a href=\"https:\/\/anfac.com\/los-vehiculos-electrificados-logran-27-207-ventas-en-junio\/#:~:text=Jos%C3%A9%20L%C3%B3pez,que%20favorable%20para%20la%20electrificaci%C3%B3n%E2%80%9D\"><strong data-start=\"8980\" data-end=\"9034\">dar se\u00f1ales claras y coherentes a los consumidores<\/strong><\/a>. El sector tambi\u00e9n teme que la falta de un plan estable a largo <a href=\"https:\/\/anfac.com\/los-vehiculos-electrificados-logran-27-207-ventas-en-junio\/#:~:text=Jos%C3%A9%20L%C3%B3pez,que%20favorable%20para%20la%20electrificaci%C3%B3n%E2%80%9D\">plazo pueda frenar inversiones industriales en la cadena de valor del veh\u00edculo el\u00e9ctrico.<\/a><\/p><p data-start=\"9269\" data-end=\"9823\">La renovaci\u00f3n del Plan\u00a0MOVES\u00a0III y la presi\u00f3n regulatoria europea (normas Euro\u00a07 y prohibici\u00f3n de vender veh\u00edculos de combusti\u00f3n en 2035) apuntan a que la demanda de el\u00e9ctricos seguir\u00e1 creciendo. Las previsiones indican que la cuota de el\u00e9ctricos puros <a href=\"https:\/\/www.carblue.es\/blog\/post\/crecimiento-ventas-electricos-hibridos-espana\/#:~:text=,se%20mantiene%20el%20ritmo%20actual\">podr\u00eda acercarse al <strong data-start=\"9543\" data-end=\"9551\">10\u00a0%<\/strong> del mercado a finales de 2025<\/a> y que los h\u00edbridos enchufables continuar\u00e1n su ascenso. No obstante, el \u00e9xito a largo plazo depender\u00e1 de mantener ayudas estables, acelerar la red de recarga y asegurar el acceso a veh\u00edculos asequibles.<\/p>\t\t\t\t\t\t\t\t<\/div>\n\t\t\t\t<\/div>\n\t\t\t\t<div class=\"elementor-element elementor-element-db57054 elementor-widget elementor-widget-heading\" data-id=\"db57054\" data-element_type=\"widget\" data-e-type=\"widget\" data-widget_type=\"heading.default\">\n\t\t\t\t<div class=\"elementor-widget-container\">\n\t\t\t\t\t<h2 class=\"elementor-heading-title elementor-size-default\">Conclusi\u00f3n<\/h2>\t\t\t\t<\/div>\n\t\t\t\t<\/div>\n\t\t\t\t<div class=\"elementor-element elementor-element-7c38e74 elementor-widget elementor-widget-text-editor\" data-id=\"7c38e74\" data-element_type=\"widget\" data-e-type=\"widget\" data-widget_type=\"text-editor.default\">\n\t\t\t\t<div class=\"elementor-widget-container\">\n\t\t\t\t\t\t\t\t\t<div class=\"border-token-border-light dark:border-token-bg-tertiary @container relative mx-[-16px] mt-4 mb-4 flex cursor-text flex-col items-start overflow-hidden rounded-[14px] border px-4 pt-6 pb-6 contain-inline-size sm:mx-[-32px] sm:rounded-[28px] sm:px-8 sm:shadow-sm\"><div class=\"w-full pt-1 pb-1 sm:pt-4 sm:pb-3\"><div class=\"markdown prose dark:prose-invert w-full break-words light markdown-new-styling\"><p data-start=\"9840\" data-end=\"10638\" data-is-only-node=\"\">2025 est\u00e1 marcando un punto de inflexi\u00f3n en la movilidad el\u00e9ctrica espa\u00f1ola. El efecto combinado de incentivos generosos, restricciones medioambientales, un abanico m\u00e1s amplio de modelos y una mayor confianza del consumidor ha disparado las matriculaciones de el\u00e9ctricos y PHEV. Madrid y otras grandes provincias lideran el proceso, mientras que regiones menos desarrolladas muestran crecimientos desiguales. Aun as\u00ed, Espa\u00f1a se acerca r\u00e1pidamente a las cifras europeas y el mercado, antes de nicho, se est\u00e1 convirtiendo en una opci\u00f3n mayoritaria. Si se consolidan las infraestructuras y las ayudas, 2025 podr\u00eda cerrar con una cuota de el\u00e9ctricos puros cercana al 10 % y con la electrificaci\u00f3n ocupando definitivamente un lugar central en las flotas de particulares, empresas y administraciones.<\/p><\/div><\/div><\/div>\t\t\t\t\t\t\t\t<\/div>\n\t\t\t\t<\/div>\n\t\t\t\t<div class=\"elementor-element elementor-element-cc299ed elementor-widget elementor-widget-heading\" data-id=\"cc299ed\" data-element_type=\"widget\" data-e-type=\"widget\" data-widget_type=\"heading.default\">\n\t\t\t\t<div class=\"elementor-widget-container\">\n\t\t\t\t\t<h2 class=\"elementor-heading-title elementor-size-default\">Accede a los datos<\/h2>\t\t\t\t<\/div>\n\t\t\t\t<\/div>\n\t\t\t\t<section class=\"elementor-section elementor-inner-section elementor-element elementor-element-84b7422 elementor-section-boxed elementor-section-height-default elementor-section-height-default\" data-id=\"84b7422\" data-element_type=\"section\" data-e-type=\"section\">\n\t\t\t\t\t\t<div class=\"elementor-container elementor-column-gap-default\">\n\t\t\t\t\t<div class=\"elementor-column elementor-col-50 elementor-inner-column elementor-element elementor-element-d1db16d\" data-id=\"d1db16d\" data-element_type=\"column\" data-e-type=\"column\">\n\t\t\t<div class=\"elementor-widget-wrap elementor-element-populated\">\n\t\t\t\t\t\t<div class=\"elementor-element elementor-element-40b010b elementor-widget elementor-widget-image\" data-id=\"40b010b\" data-element_type=\"widget\" data-e-type=\"widget\" data-widget_type=\"image.default\">\n\t\t\t\t<div class=\"elementor-widget-container\">\n\t\t\t\t\t\t\t\t\t\t\t\t\t\t\t\t<a href=\"https:\/\/www.switchfleet.com\/digital\/matriculaciones-de-coches-electricos-en-espana\/\">\n\t\t\t\t\t\t\t<img decoding=\"async\" width=\"782\" height=\"443\" data-src=\"https:\/\/www.switchfleet.com\/comp\/uploads\/AEDIVE-2-1.png\" class=\"attachment-large size-large wp-image-4212 lazyload\" alt=\"AEDIVE 2\" data-srcset=\"https:\/\/www.switchfleet.com\/comp\/uploads\/AEDIVE-2-1.png 782w, https:\/\/www.switchfleet.com\/comp\/uploads\/AEDIVE-2-1-300x170.png 300w, https:\/\/www.switchfleet.com\/comp\/uploads\/AEDIVE-2-1-768x435.png 768w\" data-sizes=\"(max-width: 782px) 100vw, 782px\" src=\"data:image\/svg+xml;base64,PHN2ZyB3aWR0aD0iMSIgaGVpZ2h0PSIxIiB4bWxucz0iaHR0cDovL3d3dy53My5vcmcvMjAwMC9zdmciPjwvc3ZnPg==\" style=\"--smush-placeholder-width: 782px; --smush-placeholder-aspect-ratio: 782\/443;\" \/>\t\t\t\t\t\t\t\t<\/a>\n\t\t\t\t\t\t\t\t\t\t\t\t\t\t\t<\/div>\n\t\t\t\t<\/div>\n\t\t\t\t\t<\/div>\n\t\t<\/div>\n\t\t\t\t<div class=\"elementor-column elementor-col-50 elementor-inner-column elementor-element elementor-element-42b7f89\" data-id=\"42b7f89\" data-element_type=\"column\" data-e-type=\"column\">\n\t\t\t<div class=\"elementor-widget-wrap elementor-element-populated\">\n\t\t\t\t\t\t<div class=\"elementor-element elementor-element-f624fe7 elementor-widget elementor-widget-heading\" data-id=\"f624fe7\" data-element_type=\"widget\" data-e-type=\"widget\" data-widget_type=\"heading.default\">\n\t\t\t\t<div class=\"elementor-widget-container\">\n\t\t\t\t\t<h4 class=\"elementor-heading-title elementor-size-default\"><strong> Matriculaciones <\/strong> en <strong> Espa\u00f1a<\/strong> (BEV + PHEV)<\/h4>\t\t\t\t<\/div>\n\t\t\t\t<\/div>\n\t\t\t\t<div class=\"elementor-element elementor-element-7b4f2d4 elementor-widget-divider--view-line elementor-widget elementor-widget-divider\" data-id=\"7b4f2d4\" data-element_type=\"widget\" data-e-type=\"widget\" data-widget_type=\"divider.default\">\n\t\t\t\t<div class=\"elementor-widget-container\">\n\t\t\t\t\t\t\t<div class=\"elementor-divider\">\n\t\t\t<span class=\"elementor-divider-separator\">\n\t\t\t\t\t\t<\/span>\n\t\t<\/div>\n\t\t\t\t\t\t<\/div>\n\t\t\t\t<\/div>\n\t\t\t\t<div class=\"elementor-element elementor-element-26d8302 elementor-widget elementor-widget-text-editor\" data-id=\"26d8302\" data-element_type=\"widget\" data-e-type=\"widget\" data-widget_type=\"text-editor.default\">\n\t\t\t\t<div class=\"elementor-widget-container\">\n\t\t\t\t\t\t\t\t\t<p>Exploraci\u00f3n interactiva de las <strong>matriculaciones de coches el\u00e9ctricos en Espa\u00f1a<\/strong> (bater\u00eda o h\u00edbrido enchufable), permitiendo explorar por marcas, categor\u00eda de veh\u00edculo, mercado y provincias, gracias a la informaci\u00f3n estad\u00edstica de AEDIVE.<\/p>\t\t\t\t\t\t\t\t<\/div>\n\t\t\t\t<\/div>\n\t\t\t\t<div class=\"elementor-element elementor-element-f4c9930 elementor-widget elementor-widget-button\" data-id=\"f4c9930\" data-element_type=\"widget\" data-e-type=\"widget\" data-widget_type=\"button.default\">\n\t\t\t\t<div class=\"elementor-widget-container\">\n\t\t\t\t\t\t\t\t\t<div class=\"elementor-button-wrapper\">\n\t\t\t\t\t<a class=\"elementor-button elementor-button-link elementor-size-sm\" href=\"https:\/\/www.switchfleet.com\/digital\/matriculaciones-de-coches-electricos-en-espana\/\">\n\t\t\t\t\t\t<span class=\"elementor-button-content-wrapper\">\n\t\t\t\t\t\t<span class=\"elementor-button-icon\">\n\t\t\t\t<i aria-hidden=\"true\" class=\"fas fa-chart-bar\"><\/i>\t\t\t<\/span>\n\t\t\t\t\t\t\t\t\t<span class=\"elementor-button-text\">Ir al informe<\/span>\n\t\t\t\t\t<\/span>\n\t\t\t\t\t<\/a>\n\t\t\t\t<\/div>\n\t\t\t\t\t\t\t\t<\/div>\n\t\t\t\t<\/div>\n\t\t\t\t\t<\/div>\n\t\t<\/div>\n\t\t\t\t\t<\/div>\n\t\t<\/section>\n\t\t\t\t<div class=\"elementor-element elementor-element-4236a4d elementor-widget elementor-widget-text-editor\" data-id=\"4236a4d\" data-element_type=\"widget\" data-e-type=\"widget\" data-widget_type=\"text-editor.default\">\n\t\t\t\t<div class=\"elementor-widget-container\">\n\t\t\t\t\t\t\t\t\t<p>Accede a informes, an\u00e1lisis y art\u00edculos clave sobre el mercado de veh\u00edculos el\u00e9ctricos y descarbonizaci\u00f3n para empresas. Recursos expertos para una transici\u00f3n inteligente.<\/p>\t\t\t\t\t\t\t\t<\/div>\n\t\t\t\t<\/div>\n\t\t\t\t\t<\/div>\n\t\t<\/div>\n\t\t\t\t\t<\/div>\n\t\t<\/section>\n\t\t\t\t<section class=\"elementor-section elementor-top-section elementor-element elementor-element-3c9d78a6 elementor-section-boxed elementor-section-height-default elementor-section-height-default\" data-id=\"3c9d78a6\" data-element_type=\"section\" data-e-type=\"section\" data-settings=\"{&quot;background_background&quot;:&quot;classic&quot;}\">\n\t\t\t\t\t\t<div class=\"elementor-container elementor-column-gap-default\">\n\t\t\t\t\t<div class=\"elementor-column elementor-col-50 elementor-top-column elementor-element elementor-element-74cc2d3a\" data-id=\"74cc2d3a\" data-element_type=\"column\" data-e-type=\"column\">\n\t\t\t<div class=\"elementor-widget-wrap elementor-element-populated\">\n\t\t\t\t\t\t<div class=\"elementor-element elementor-element-687da831 elementor-widget elementor-widget-menu-anchor\" data-id=\"687da831\" data-element_type=\"widget\" data-e-type=\"widget\" data-widget_type=\"menu-anchor.default\">\n\t\t\t\t<div class=\"elementor-widget-container\">\n\t\t\t\t\t\t\t<div class=\"elementor-menu-anchor\" id=\"contacto\"><\/div>\n\t\t\t\t\t\t<\/div>\n\t\t\t\t<\/div>\n\t\t\t\t<div class=\"elementor-element elementor-element-32d2f76a elementor-widget elementor-widget-heading\" data-id=\"32d2f76a\" data-element_type=\"widget\" data-e-type=\"widget\" data-widget_type=\"heading.default\">\n\t\t\t\t<div class=\"elementor-widget-container\">\n\t\t\t\t\t<h2 class=\"elementor-heading-title elementor-size-default\">\u00danete al desaf\u00edo<\/h2>\t\t\t\t<\/div>\n\t\t\t\t<\/div>\n\t\t\t\t<section class=\"elementor-section elementor-inner-section elementor-element elementor-element-1b62011c elementor-section-boxed elementor-section-height-default elementor-section-height-default\" data-id=\"1b62011c\" data-element_type=\"section\" data-e-type=\"section\" data-settings=\"{&quot;background_background&quot;:&quot;classic&quot;}\">\n\t\t\t\t\t\t<div class=\"elementor-container elementor-column-gap-default\">\n\t\t\t\t\t<div class=\"elementor-column elementor-col-100 elementor-inner-column elementor-element elementor-element-552a3037\" data-id=\"552a3037\" data-element_type=\"column\" data-e-type=\"column\" data-settings=\"{&quot;background_background&quot;:&quot;classic&quot;}\">\n\t\t\t<div class=\"elementor-widget-wrap elementor-element-populated\">\n\t\t\t\t\t\t<div class=\"elementor-element elementor-element-6091b3f5 elementor-widget elementor-widget-hubspot-form\" data-id=\"6091b3f5\" data-element_type=\"widget\" data-e-type=\"widget\" data-widget_type=\"hubspot-form.default\">\n\t\t\t\t<div class=\"elementor-widget-container\">\n\t\t\t\t\t\n\t\t\t\t\t\t<script>\n\t\t\t\t\t\t\twindow.hsFormsOnReady = window.hsFormsOnReady || [];\n\t\t\t\t\t\t\twindow.hsFormsOnReady.push(()=>{\n\t\t\t\t\t\t\t\thbspt.forms.create({\n\t\t\t\t\t\t\t\t\tportalId: 144722784,\n\t\t\t\t\t\t\t\t\tformId: \"ede000cd-c95b-481e-8b32-d5e813393499\",\n\t\t\t\t\t\t\t\t\ttarget: \"#hbspt-form-1777512901000-7916358349\",\n\t\t\t\t\t\t\t\t\tregion: \"eu1\",\n\t\t\t\t\t\t\t\t\t\n\t\t\t\t\t\t\t})});\n\t\t\t\t\t\t<\/script>\n\t\t\t\t\t\t<div class=\"hbspt-form\" id=\"hbspt-form-1777512901000-7916358349\"><\/div>\t\t\t\t<\/div>\n\t\t\t\t<\/div>\n\t\t\t\t\t<\/div>\n\t\t<\/div>\n\t\t\t\t\t<\/div>\n\t\t<\/section>\n\t\t\t\t\t<\/div>\n\t\t<\/div>\n\t\t\t\t<div class=\"elementor-column elementor-col-50 elementor-top-column elementor-element elementor-element-4d7e0efa\" data-id=\"4d7e0efa\" data-element_type=\"column\" data-e-type=\"column\">\n\t\t\t<div class=\"elementor-widget-wrap elementor-element-populated\">\n\t\t\t\t\t\t<div class=\"elementor-element elementor-element-7ac76291 elementor-widget elementor-widget-image\" data-id=\"7ac76291\" data-element_type=\"widget\" data-e-type=\"widget\" data-widget_type=\"image.default\">\n\t\t\t\t<div class=\"elementor-widget-container\">\n\t\t\t\t\t\t\t\t\t\t\t\t\t\t\t<img decoding=\"async\" width=\"768\" height=\"340\" data-src=\"https:\/\/www.switchfleet.com\/comp\/uploads\/Coche-e1698834071561-768x340.png\" class=\"attachment-medium_large size-medium_large wp-image-1190 lazyload\" alt=\"Coche\" data-srcset=\"https:\/\/www.switchfleet.com\/comp\/uploads\/Coche-e1698834071561-768x340.png 768w, https:\/\/www.switchfleet.com\/comp\/uploads\/Coche-e1698834071561-300x133.png 300w, https:\/\/www.switchfleet.com\/comp\/uploads\/Coche-e1698834071561-150x66.png 150w, https:\/\/www.switchfleet.com\/comp\/uploads\/Coche-e1698834071561.png 1003w\" data-sizes=\"(max-width: 768px) 100vw, 768px\" src=\"data:image\/svg+xml;base64,PHN2ZyB3aWR0aD0iMSIgaGVpZ2h0PSIxIiB4bWxucz0iaHR0cDovL3d3dy53My5vcmcvMjAwMC9zdmciPjwvc3ZnPg==\" style=\"--smush-placeholder-width: 768px; --smush-placeholder-aspect-ratio: 768\/340;\" \/>\t\t\t\t\t\t\t\t\t\t\t\t\t\t\t<\/div>\n\t\t\t\t<\/div>\n\t\t\t\t<div class=\"elementor-element elementor-element-3630a297 elementor-widget elementor-widget-text-editor\" data-id=\"3630a297\" data-element_type=\"widget\" data-e-type=\"widget\" data-widget_type=\"text-editor.default\">\n\t\t\t\t<div class=\"elementor-widget-container\">\n\t\t\t\t\t\t\t\t\t<p>Nos encargamos de gestionar todo el proceso de petici\u00f3n de ofertas, negociaci\u00f3n, financiaci\u00f3n, adquisici\u00f3n y entrega de flota.<\/p>\t\t\t\t\t\t\t\t<\/div>\n\t\t\t\t<\/div>\n\t\t\t\t<div class=\"elementor-element elementor-element-24c5c1ce elementor-widget elementor-widget-text-editor\" data-id=\"24c5c1ce\" data-element_type=\"widget\" data-e-type=\"widget\" data-widget_type=\"text-editor.default\">\n\t\t\t\t<div class=\"elementor-widget-container\">\n\t\t\t\t\t\t\t\t\t<p>Contacto<\/p>\t\t\t\t\t\t\t\t<\/div>\n\t\t\t\t<\/div>\n\t\t\t\t<div class=\"elementor-element elementor-element-5614818d elementor-widget elementor-widget-text-editor\" data-id=\"5614818d\" data-element_type=\"widget\" data-e-type=\"widget\" data-widget_type=\"text-editor.default\">\n\t\t\t\t<div class=\"elementor-widget-container\">\n\t\t\t\t\t\t\t\t\t<p>switch@switchfleet.com<\/p>\t\t\t\t\t\t\t\t<\/div>\n\t\t\t\t<\/div>\n\t\t\t\t\t<\/div>\n\t\t<\/div>\n\t\t\t\t\t<\/div>\n\t\t<\/section>\n\t\t\t\t<\/div>\n\t\t","protected":false},"excerpt":{"rendered":"<p>Boom de matriculaciones de veh\u00edculos el\u00e9ctricos en Espa\u00f1a durante 2025 Durante 2025 las matriculaciones de turismos y veh\u00edculos ligeros electrificados en Espa\u00f1a han vivido un aceler\u00f3n sin precedentes. En julio se matricularon m\u00e1s de 21.000 el\u00e9ctricos puros y PHEV \u2013un 155\u00a0% m\u00e1s que en julio de 2024\u2013 y la cuota mensual de electrificados alcanz\u00f3 el [&hellip;]<\/p>\n","protected":false},"author":3,"featured_media":0,"parent":0,"menu_order":0,"comment_status":"closed","ping_status":"closed","template":"elementor_header_footer","meta":{"content-type":"","ocean_post_layout":"","ocean_both_sidebars_style":"","ocean_both_sidebars_content_width":0,"ocean_both_sidebars_sidebars_width":0,"ocean_sidebar":"0","ocean_second_sidebar":"0","ocean_disable_margins":"enable","ocean_add_body_class":"","ocean_shortcode_before_top_bar":"","ocean_shortcode_after_top_bar":"","ocean_shortcode_before_header":"","ocean_shortcode_after_header":"","ocean_has_shortcode":"","ocean_shortcode_after_title":"","ocean_shortcode_before_footer_widgets":"","ocean_shortcode_after_footer_widgets":"","ocean_shortcode_before_footer_bottom":"","ocean_shortcode_after_footer_bottom":"","ocean_display_top_bar":"default","ocean_display_header":"default","ocean_header_style":"","ocean_center_header_left_menu":"0","ocean_custom_header_template":"0","ocean_custom_logo":0,"ocean_custom_retina_logo":0,"ocean_custom_logo_max_width":0,"ocean_custom_logo_tablet_max_width":0,"ocean_custom_logo_mobile_max_width":0,"ocean_custom_logo_max_height":0,"ocean_custom_logo_tablet_max_height":0,"ocean_custom_logo_mobile_max_height":0,"ocean_header_custom_menu":"0","ocean_menu_typo_font_family":"0","ocean_menu_typo_font_subset":"","ocean_menu_typo_font_size":0,"ocean_menu_typo_font_size_tablet":0,"ocean_menu_typo_font_size_mobile":0,"ocean_menu_typo_font_size_unit":"px","ocean_menu_typo_font_weight":"","ocean_menu_typo_font_weight_tablet":"","ocean_menu_typo_font_weight_mobile":"","ocean_menu_typo_transform":"","ocean_menu_typo_transform_tablet":"","ocean_menu_typo_transform_mobile":"","ocean_menu_typo_line_height":0,"ocean_menu_typo_line_height_tablet":0,"ocean_menu_typo_line_height_mobile":0,"ocean_menu_typo_line_height_unit":"","ocean_menu_typo_spacing":0,"ocean_menu_typo_spacing_tablet":0,"ocean_menu_typo_spacing_mobile":0,"ocean_menu_typo_spacing_unit":"","ocean_menu_link_color":"","ocean_menu_link_color_hover":"","ocean_menu_link_color_active":"","ocean_menu_link_background":"","ocean_menu_link_hover_background":"","ocean_menu_link_active_background":"","ocean_menu_social_links_bg":"","ocean_menu_social_hover_links_bg":"","ocean_menu_social_links_color":"","ocean_menu_social_hover_links_color":"","ocean_disable_title":"on","ocean_disable_heading":"default","ocean_post_title":"","ocean_post_subheading":"","ocean_post_title_style":"","ocean_post_title_background_color":"","ocean_post_title_background":0,"ocean_post_title_bg_image_position":"","ocean_post_title_bg_image_attachment":"","ocean_post_title_bg_image_repeat":"","ocean_post_title_bg_image_size":"","ocean_post_title_height":0,"ocean_post_title_bg_overlay":0.5,"ocean_post_title_bg_overlay_color":"","ocean_disable_breadcrumbs":"default","ocean_breadcrumbs_color":"","ocean_breadcrumbs_separator_color":"","ocean_breadcrumbs_links_color":"","ocean_breadcrumbs_links_hover_color":"","ocean_display_footer_widgets":"default","ocean_display_footer_bottom":"default","ocean_custom_footer_template":"0","footnotes":""},"class_list":["post-5456","page","type-page","status-publish","hentry","entry"],"_links":{"self":[{"href":"https:\/\/www.switchfleet.com\/en\/wp-json\/wp\/v2\/pages\/5456","targetHints":{"allow":["GET"]}}],"collection":[{"href":"https:\/\/www.switchfleet.com\/en\/wp-json\/wp\/v2\/pages"}],"about":[{"href":"https:\/\/www.switchfleet.com\/en\/wp-json\/wp\/v2\/types\/page"}],"author":[{"embeddable":true,"href":"https:\/\/www.switchfleet.com\/en\/wp-json\/wp\/v2\/users\/3"}],"replies":[{"embeddable":true,"href":"https:\/\/www.switchfleet.com\/en\/wp-json\/wp\/v2\/comments?post=5456"}],"version-history":[{"count":46,"href":"https:\/\/www.switchfleet.com\/en\/wp-json\/wp\/v2\/pages\/5456\/revisions"}],"predecessor-version":[{"id":5513,"href":"https:\/\/www.switchfleet.com\/en\/wp-json\/wp\/v2\/pages\/5456\/revisions\/5513"}],"wp:attachment":[{"href":"https:\/\/www.switchfleet.com\/en\/wp-json\/wp\/v2\/media?parent=5456"}],"curies":[{"name":"wp","href":"https:\/\/api.w.org\/{rel}","templated":true}]}}